{"id":11,"date":"2020-11-28T21:01:27","date_gmt":"2020-11-28T21:01:27","guid":{"rendered":"https:\/\/publicidadentapetes.com\/?page_id=11"},"modified":"2020-11-28T21:01:30","modified_gmt":"2020-11-28T21:01:30","slug":"aviso-de-privacidad","status":"publish","type":"page","link":"https:\/\/publicidadentapetes.com\/index.php\/aviso-de-privacidad\/","title":{"rendered":"Aviso de Privacidad"},"content":{"rendered":"<p>[et_pb_section fb_built=&#8221;1&#8243; admin_label=&#8221;section&#8221; _builder_version=&#8221;3.22&#8243; custom_padding=&#8221;14px|0px|54px|0px&#8221;][et_pb_row admin_label=&#8221;row&#8221; _builder_version=&#8221;3.25&#8243; background_size=&#8221;initial&#8221; background_position=&#8221;top_left&#8221; background_repeat=&#8221;repeat&#8221; custom_padding=&#8221;35px|0px|27px|0px&#8221;][et_pb_column type=&#8221;4_4&#8243; _builder_version=&#8221;3.25&#8243; custom_padding=&#8221;|||&#8221; custom_padding__hover=&#8221;|||&#8221;][et_pb_text _builder_version=&#8221;3.27.4&#8243; header_font=&#8221;Montserrat||||&#8221; custom_margin=&#8221;||40px|&#8221;]<\/p>\n<h1><span style=\"color: #000000;\">Aviso de Privacidad<\/span><\/h1>\n<p>[\/et_pb_text][et_pb_text _builder_version=&#8221;4.7.4&#8243; hover_enabled=&#8221;0&#8243; sticky_enabled=&#8221;0&#8243;]<\/p>\n<p>En cumplimiento con los art\u00edculos 15, 16 y dem\u00e1s relativos a la Ley Federal de Protecci\u00f3n de Datos Personales en Posesi\u00f3n de Particulares\u00a0<strong style=\"font-size: 14px; color: #666666;\">Leonardo Miguel Uribe Maeda<\/strong><strong style=\"font-size: 14px; color: #666666;\">,\u00a0<\/strong><span style=\"font-size: 14px; color: #666666; font-weight: 500;\">pone a su disposici\u00f3n el aviso de privacidad de conformidad con los siguientes puntos:<\/span><\/p>\n<ol>\n<li><strong>La identidad y domicilio del responsable que recaba datos personales:<\/strong><\/li>\n<\/ol>\n<p><strong>Leonardo Miguel Uribe Maeda<\/strong>\u00a0es una persona f\u00edsica con actividad empresarial\u00a0 conformidad con la legislaci\u00f3n mexicana quien es la responsable de dar tratamiento, recabar, proteger y preservar los datos personales, incluyendo aquellos denominados sensibles, patrimoniales y financieros. Cuyo objeto principal es la comercializaci\u00f3n y producci\u00f3n de productos como bolsas impresas, tapetes personalizados, sellos de goma, recortes de vinil, as\u00ed como servicios de cursos en recursos humanos y asesor\u00edas de marketing.<\/p>\n<p>Que se\u00f1ala como domicilio para o\u00edr y recibir todo tipo de notificaciones la finca marcada con el n\u00famero\u00a0<strong>1434, Calle Olivo, Colonia del Fresno,\u00a0<\/strong><strong>Guadalajara, Jalisco, M\u00e9xico, C.P. 44900,\u00a0<\/strong><strong>con n\u00famero telef\u00f3nico 33\u00a0<\/strong><strong>36 20 24 95.<\/strong><\/p>\n<ol>\n<li><strong>Forma de obtenci\u00f3n de datos personales:<\/strong><\/li>\n<\/ol>\n<p>Podemos obtener informaci\u00f3n a trav\u00e9s de los siguientes medios:<\/p>\n<ul>\n<li>Cuando nos la proporciona directamente por escrito;<\/li>\n<li>En forma verbal;<\/li>\n<li>Presente su solicitud de empleo o documento curricular;<\/li>\n<li>Por medio de entrevista;<\/li>\n<li>Formularios en internet o electr\u00f3nicos;<\/li>\n<li>Servicios telef\u00f3nicos;<\/li>\n<li>Cualquier otra forma permitida por la ley.<\/li>\n<\/ul>\n<p><strong>\u00a0<\/strong><\/p>\n<p><strong>III.- Los datos que recabamos:<\/strong><\/p>\n<p>Los datos personales que obtenemos para cumplir con las finalidades establecidas en el presente aviso son:<\/p>\n<ol>\n<li>Datos personales que recabamos de los titulares:<\/li>\n<\/ol>\n<ul>\n<li>Nombre Completo;<\/li>\n<li>Denominaci\u00f3n o raz\u00f3n social;<\/li>\n<li>Nacionalidad;<\/li>\n<li>CURP;<\/li>\n<li>Registro Federal de Contribuyentes (RFC);<\/li>\n<li>Edad;<\/li>\n<li>Sexo;<\/li>\n<li>Fecha de nacimiento;<\/li>\n<li>Lugar de nacimiento;<\/li>\n<li>Domicilio particular;<\/li>\n<li>N\u00famero de tel\u00e9fono particular;<\/li>\n<li>N\u00famero de celular;<\/li>\n<li>Correo electr\u00f3nico;<\/li>\n<li>Firma aut\u00f3grafa;<\/li>\n<li>Fotograf\u00eda;<\/li>\n<li>Huella dactilar.<\/li>\n<\/ul>\n<ol>\n<li>Datos Personales que recabaremos para las personas que quieran emplearse o que han sido contratados:<\/li>\n<\/ol>\n<ol>\n<li>Los establecidos en el punto \u201cA\u201d anterior inmediato;<\/li>\n<li>Escolaridad;<\/li>\n<li>Empleos presentes y anteriores;<\/li>\n<li>N\u00famero de seguridad social;<\/li>\n<li>Estado civil;<\/li>\n<\/ol>\n<p>De conformidad con la legislaci\u00f3n en la materia consideraremos que nos ha otorgado su consentimiento de manera t\u00e1cita respecto a sus datos personales anteriormente mencionados. Le hacemos de su conocimiento que podr\u00e1 oponerse en cualquier momento mediante el procedimiento establecido en el punto n\u00famero VI, denominado Los Medios para ejercer ARCO, de este aviso de privacidad para oponerse a su tratamiento.<\/p>\n<ol>\n<li>Los Datos Personales Sensibles:<\/li>\n<li>Religi\u00f3n;<\/li>\n<li>Estado de salud;<\/li>\n<li>H\u00e1bitos personales;<\/li>\n<li>Tipo de sangre;<\/li>\n<li>Pertenencia a un sindicato.<\/li>\n<\/ol>\n<ol>\n<li>Patrimoniales o Financieros:<\/li>\n<li>N\u00famero de tarjeta de cr\u00e9dito;<\/li>\n<li>Bienes Patrimoniales;<\/li>\n<li>Cuentas bancarias;<\/li>\n<li>Estados de cuenta;<\/li>\n<li>Recibos de nomina,<\/li>\n<li>Declaraci\u00f3n Anual de Impuestos;<\/li>\n<li>En caso de tener cr\u00e9dito hipotecario.<\/li>\n<\/ol>\n<p>En el caso de los Datos Sensibles, Financieros o Patrimoniales es obligatorio que, de conformidad con la legislaci\u00f3n en la materia, nos otorgue su consentimiento expreso para darles tratamiento. Por lo que le solicitamos nos firme los formatos que pondremos a su\u00a0 disposici\u00f3n.<\/p>\n<ol>\n<li><strong>Las finalidades del tratamiento de datos;<\/strong><\/li>\n<\/ol>\n<p class=\"\">Los datos personales del titular ser\u00e1n utilizados por\u00a0<strong>\u00a0<\/strong><strong>Leonardo Miguel Uribe Maeda<\/strong><em>\u00a0\u00a0<\/em>para las siguientes finalidades, en su car\u00e1cter de entidad responsable de la protecci\u00f3n de sus datos personales:<\/p>\n<ol>\n<li><strong>Finalidades principales:<\/strong><\/li>\n<\/ol>\n<ul>\n<li>Proveer los servicios contratados;<\/li>\n<li>Medio para dar cumplimiento a obligaciones contra\u00eddas;<\/li>\n<li>Para enviarle facturas;<\/li>\n<li>Dar seguimiento al proceso de cobranza;<\/li>\n<li>Cualquier otra finalidad compatible o an\u00e1loga a los fines previamente establecidos.<\/li>\n<\/ul>\n<p><strong>2. Finalidad dirigida a los Empleados:<\/strong><\/p>\n<ol>\n<li>Para el proceso de evaluaci\u00f3n, reclutamiento y selecci\u00f3n de personal;<\/li>\n<li>Para la administraci\u00f3n de su expediente laboral;<\/li>\n<li>Integraci\u00f3n de los documentos necesarios para el desempe\u00f1o de su servicios;<\/li>\n<li>Pago de n\u00f3mina y dem\u00e1s prestaciones laborales;<\/li>\n<li>Cualquier otra finalidad compatible o an\u00e1loga a los fines previamente establecidos.<\/li>\n<\/ol>\n<ol>\n<li><strong>Finalidades Secundarias:<\/strong><\/li>\n<\/ol>\n<p><strong>\u00a0<\/strong>De manera adicional, utilizaremos su informaci\u00f3n personal para las siguientes finalidades secundarias,\u00a0<strong>que no son necesarias<\/strong>\u00a0para el servicio solicitado, pero que nos permiten y facilitan brindarle una mejor atenci\u00f3n:<\/p>\n<ol>\n<li>Circulares informativas;<\/li>\n<li>Evaluaciones de calidad de los servicios o productos que contrat\u00f3;<\/li>\n<li>Para enviarle informaci\u00f3n comercial, servicios o promociones;<\/li>\n<li>Para invitarlo a eventos a realizar;<\/li>\n<\/ol>\n<p>En caso de que no desee que sus datos personales sean tratados para estos fines secundarios, usted puede presentar desde este momento un escrito a\u00a0<strong>Leonardo Miguel Uribe Maeda<\/strong><strong>.<\/strong><\/p>\n<p>La negativa para el uso de sus datos personales para estas finalidades, no podr\u00e1 ser un motivo para que le neguemos los servicios que solicita o contrata con nosotros.<\/p>\n<ol>\n<li><strong>Las opciones y medios que ofrecemos a los titulares para limitar el uso o divulgaci\u00f3n de los datos:<\/strong><\/li>\n<\/ol>\n<p><strong>\u00a0<\/strong><strong>Leonardo Miguel Uribe Maeda<\/strong>\u00a0con la finalidad de resguardar de la mejor manera posible su informaci\u00f3n se compromete a tratar sus datos personales bajo estrictas medidas de seguridad para garantizar su confidencialidad. Se han establecido est\u00e1ndares de seguridad en las materias administrativa, legal y se han aplicado medidas tecnol\u00f3gicas para evitar que terceros no autorizados se apoderen de sus datos personales.<\/p>\n<p>Cabe mencionar que el titular de los datos personales puede iniciar un procedimiento de Acceso, Rectificaci\u00f3n, Cancelaci\u00f3n u Oposici\u00f3n (Por sus siglas ARCO) para limitar el uso o divulgar sus datos de conformidad con el Cap\u00edtulo VI del presente aviso de privacidad.<\/p>\n<p>Adem\u00e1s, existen procedimientos administrativos mediante los cuales puede limitar la publicidad por llamadas de tel\u00e9fono denominado Registro P\u00fablico para Evitar Publicidad que proporciona la Procuradur\u00eda Federal del Consumidor, que puede consultar en la p\u00e1gina de internet:\u00a0<a href=\"http:\/\/rpc.profeco.gob.mx\/Solicitudnumero.jsp\">http:\/\/rpc.profeco.gob.mx\/Solicitudnumero.jsp<\/a><\/p>\n<ol>\n<li><strong>Los medios para ejercer los derechos de Acceso, Rectificaci\u00f3n, Cancelaci\u00f3n u Oposici\u00f3n (ARCO) de los datos personales.<\/strong><\/li>\n<\/ol>\n<p><strong>\u00a0<\/strong>Usted puede revocar el consentimiento que, en su caso, nos haya otorgado para el tratamiento de sus datos personales. Sin embargo, es importante que tenga en cuenta que no en todos los casos podremos atender su solicitud o concluir el uso de forma inmediata, ya que es posible que por alguna obligaci\u00f3n legal requiramos seguir tratando sus datos personales. Asimismo, usted deber\u00e1 considerar que para ciertos fines, la revocaci\u00f3n de su consentimiento implicar\u00e1 que no le podamos seguir prestando el servicio que nos solicit\u00f3 o la conclusi\u00f3n de su relaci\u00f3n con nosotros.<\/p>\n<p>El titular podr\u00e1 ejercer sus derechos de rectificaci\u00f3n, acceso, cancelaci\u00f3n u oposici\u00f3n al tratamiento de sus datos, por sus siglas ARCO, presentando una solicitud de conformidad con el siguiente procedimiento:<\/p>\n<p>Realizar su\u00a0<strong>solicitud enviando un correo electr\u00f3nico<\/strong>\u00a0a la siguiente direcci\u00f3n:\u00a0<a href=\"mailto:elserviciovende.tania@gmail.com\">elserviciovende.tania@gmail.com<\/a>, en su calidad de responsable de atender sus solicitudes. As\u00ed mismo el titular de los datos\u00a0 tendr\u00e1 que llevar su solicitud personalmente con su identificaci\u00f3n oficial al domicilio antes mencionado. Los datos y documentaci\u00f3n que debe anexar a su solicitud son:<\/p>\n<ul>\n<li>El nombre del titular de los datos personales, su domicilio y un medio alterno para comunicarle la respuesta a su solicitud;<\/li>\n<li>Los documentos que acrediten la identidad del titular de los datos personales o, en su caso, si lo hace un tercero acreditar la representaci\u00f3n legal;<\/li>\n<li>La descripci\u00f3n clara y precisa de los datos personales respecto de los que se busca ejercer alguno de los derechos de ARCO; y<\/li>\n<li>Cualquier otro elemento o documento que facilite la localizaci\u00f3n de sus Datos Personales; y<\/li>\n<li>En su caso, las solicitudes de rectificaci\u00f3n de datos personales, el titular deber\u00e1 indicar las modificaciones a realizarse y aportar la documentaci\u00f3n que sustente su petici\u00f3n.<\/li>\n<li>En caso de que se aprecie que la documentaci\u00f3n tenga tachaduras, este alterada o se tenga duda razonable de ser ap\u00f3crifa, que no sea el titular, o no ser el leg\u00edtimo representante,\u00a0<strong>Leonardo Miguel Uribe Maeda<\/strong>\u00a0se reserva el derecho a solicitar cualquier otro documento para comprobar y acreditar la titularidad de los datos, por lo que se le podr\u00e1 solicitar que presente la documentaci\u00f3n en original o copias certificadas en la oficina del responsable.<\/li>\n<\/ul>\n<p>Si faltara alguna informaci\u00f3n en su solicitud se le solicitar\u00e1 subsane la omisi\u00f3n a la brevedad.<\/p>\n<p>Si cumpliera con todas las formalidades requeridas para dicho tr\u00e1mite se dar\u00e1 respuesta en un plazo m\u00e1ximo de veinte d\u00edas, contados a partir de la fecha en que se recibi\u00f3 su petici\u00f3n o a partir de la fecha en que haya subsanado en su totalidad las prevenciones. El plazo antes referido podr\u00e1 ser ampliado una sola vez por un periodo igual, siempre y cuando as\u00ed lo justifiquen las circunstancias del caso. De conformidad con el art\u00edculo 32 de la ley de la materia.<\/p>\n<p><strong>VII. En su caso, las transferencias de datos que se efect\u00faen.<\/strong><\/p>\n<p>Le hacemos de su conocimiento que\u00a0<strong>Leonardo Miguel Uribe Maeda<\/strong>, no realiza transferencias de informaci\u00f3n a terceros.<\/p>\n<p>Solo se podr\u00e1n hacer transferencias sin su consentimiento de acuerdo a lo previsto en el art\u00edculo 37 de la Ley Federal de Protecci\u00f3n de datos Personales en Posesi\u00f3n de los Particulares, as\u00ed como a realizar esta transferencia en los t\u00e9rminos que fija\u00a0 esa ley, a lo que establecemos lo supuesto:<\/p>\n<ol>\n<li>Cuando la transferencia est\u00e9 prevista en una Ley;<\/li>\n<li>Cuando la transferencia sea necesaria para la prevenci\u00f3n o el diagn\u00f3stico m\u00e9dico, la prestaci\u00f3n de asistencia sanitaria, tratamiento m\u00e9dico o la gesti\u00f3n de servicios sanitarios;<\/li>\n<li>Cuando la transferencia sea efectuada a sociedades controladoras, subsidiarias o afiliadas bajo el control com\u00fan del responsable, o a una sociedad matriz o a cualquier sociedad del mismo Grupo del responsable que opere bajo los mismos procesos y pol\u00edticas internas;<\/li>\n<li>Cuando la transferencia sea necesaria por virtud de un contrato celebrado o por celebrar en inter\u00e9s del titular, por el responsable y un tercero;<\/li>\n<li>Cuando la transferencia sea necesaria o legalmente exigida para la salvaguarda de un inter\u00e9s p\u00fablico, o para la procuraci\u00f3n o administraci\u00f3n de justicia;<\/li>\n<li>Cuando la transferencia sea precisa para el reconocimiento, ejercicio o defensa de un derecho en un proceso judicial; y<\/li>\n<li>Cuando la transferencia sea precisa para el mantenimiento o cumplimiento de una relaci\u00f3n jur\u00eddica entre el responsable y el titular.<\/li>\n<\/ol>\n<p><strong>VIII. El medio y procedimiento mediante el cual el responsable comunicar\u00e1 a los titulares de cambios al aviso de privacidad, de conformidad con lo previsto en la Ley de la materia.<\/strong><\/p>\n<p><strong>Leonardo Miguel Uribe Maeda<\/strong>\u00a0se reserva el derecho de efectuar, en cualquier momento, modificaciones y adici\u00f3n en todo o en parte del presente aviso de privacidad.<\/p>\n<p>Toda modificaci\u00f3n se notificar\u00e1 mediante un aviso en el portal de internet de la empresa, denominado:\u00a0<b>publicidadentapetes.com<\/b>\u00a0propiedad de la empresa.<\/p>\n<p>Fecha de actualizaci\u00f3n: 28 noviembre 2020.<\/p>\n<p>[\/et_pb_text][\/et_pb_column][\/et_pb_row][\/et_pb_section]<\/p>\n","protected":false},"excerpt":{"rendered":"<p>Aviso de Privacidad En cumplimiento con los art\u00edculos 15, 16 y dem\u00e1s relativos a la Ley Federal de Protecci\u00f3n de Datos Personales en Posesi\u00f3n de Particulares\u00a0Leonardo Miguel Uribe Maeda,\u00a0pone a su disposici\u00f3n el aviso de privacidad de conformidad con los siguientes puntos: La identidad y domicilio del responsable que recaba datos personales: Leonardo Miguel Uribe [&hellip;]<\/p>\n","protected":false},"author":1,"featured_media":0,"parent":0,"menu_order":0,"comment_status":"closed","ping_status":"closed","template":"","meta":{"_et_pb_use_builder":"on","_et_pb_old_content":"","_et_gb_content_width":"","footnotes":""},"class_list":["post-11","page","type-page","status-publish","hentry"],"yoast_head":"<!-- This site is optimized with the Yoast SEO plugin v24.8 - https:\/\/yoast.com\/wordpress\/plugins\/seo\/ -->\n<title>Aviso de Privacidad - Publicidad en tapetes<\/title>\n<meta name=\"robots\" content=\"index, follow, max-snippet:-1, max-image-preview:large, max-video-preview:-1\" \/>\n<link rel=\"canonical\" href=\"https:\/\/publicidadentapetes.com\/index.php\/aviso-de-privacidad\/\" \/>\n<meta property=\"og:locale\" content=\"en_US\" \/>\n<meta property=\"og:type\" content=\"article\" \/>\n<meta property=\"og:title\" content=\"Aviso de Privacidad - Publicidad en tapetes\" \/>\n<meta property=\"og:description\" content=\"Aviso de Privacidad En cumplimiento con los art\u00edculos 15, 16 y dem\u00e1s relativos a la Ley Federal de Protecci\u00f3n de Datos Personales en Posesi\u00f3n de Particulares\u00a0Leonardo Miguel Uribe Maeda,\u00a0pone a su disposici\u00f3n el aviso de privacidad de conformidad con los siguientes puntos: La identidad y domicilio del responsable que recaba datos personales: Leonardo Miguel Uribe [&hellip;]\" \/>\n<meta property=\"og:url\" content=\"https:\/\/publicidadentapetes.com\/index.php\/aviso-de-privacidad\/\" \/>\n<meta property=\"og:site_name\" content=\"Publicidad en tapetes\" \/>\n<meta property=\"article:modified_time\" content=\"2020-11-28T21:01:30+00:00\" \/>\n<meta name=\"twitter:card\" content=\"summary_large_image\" \/>\n<meta name=\"twitter:label1\" content=\"Est. reading time\" \/>\n\t<meta name=\"twitter:data1\" content=\"9 minutes\" \/>\n<script type=\"application\/ld+json\" class=\"yoast-schema-graph\">{\"@context\":\"https:\/\/schema.org\",\"@graph\":[{\"@type\":\"WebPage\",\"@id\":\"https:\/\/publicidadentapetes.com\/index.php\/aviso-de-privacidad\/\",\"url\":\"https:\/\/publicidadentapetes.com\/index.php\/aviso-de-privacidad\/\",\"name\":\"Aviso de Privacidad - Publicidad en tapetes\",\"isPartOf\":{\"@id\":\"https:\/\/publicidadentapetes.com\/#website\"},\"datePublished\":\"2020-11-28T21:01:27+00:00\",\"dateModified\":\"2020-11-28T21:01:30+00:00\",\"breadcrumb\":{\"@id\":\"https:\/\/publicidadentapetes.com\/index.php\/aviso-de-privacidad\/#breadcrumb\"},\"inLanguage\":\"en-US\",\"potentialAction\":[{\"@type\":\"ReadAction\",\"target\":[\"https:\/\/publicidadentapetes.com\/index.php\/aviso-de-privacidad\/\"]}]},{\"@type\":\"BreadcrumbList\",\"@id\":\"https:\/\/publicidadentapetes.com\/index.php\/aviso-de-privacidad\/#breadcrumb\",\"itemListElement\":[{\"@type\":\"ListItem\",\"position\":1,\"name\":\"Portada\",\"item\":\"https:\/\/publicidadentapetes.com\/\"},{\"@type\":\"ListItem\",\"position\":2,\"name\":\"Aviso de Privacidad\"}]},{\"@type\":\"WebSite\",\"@id\":\"https:\/\/publicidadentapetes.com\/#website\",\"url\":\"https:\/\/publicidadentapetes.com\/\",\"name\":\"Publicidad en tapetes\",\"description\":\"Publicidad en tapetes\",\"potentialAction\":[{\"@type\":\"SearchAction\",\"target\":{\"@type\":\"EntryPoint\",\"urlTemplate\":\"https:\/\/publicidadentapetes.com\/?s={search_term_string}\"},\"query-input\":{\"@type\":\"PropertyValueSpecification\",\"valueRequired\":true,\"valueName\":\"search_term_string\"}}],\"inLanguage\":\"en-US\"}]}<\/script>\n<!-- \/ Yoast SEO plugin. -->","yoast_head_json":{"title":"Aviso de Privacidad - Publicidad en tapetes","robots":{"index":"index","follow":"follow","max-snippet":"max-snippet:-1","max-image-preview":"max-image-preview:large","max-video-preview":"max-video-preview:-1"},"canonical":"https:\/\/publicidadentapetes.com\/index.php\/aviso-de-privacidad\/","og_locale":"en_US","og_type":"article","og_title":"Aviso de Privacidad - Publicidad en tapetes","og_description":"Aviso de Privacidad En cumplimiento con los art\u00edculos 15, 16 y dem\u00e1s relativos a la Ley Federal de Protecci\u00f3n de Datos Personales en Posesi\u00f3n de Particulares\u00a0Leonardo Miguel Uribe Maeda,\u00a0pone a su disposici\u00f3n el aviso de privacidad de conformidad con los siguientes puntos: La identidad y domicilio del responsable que recaba datos personales: Leonardo Miguel Uribe [&hellip;]","og_url":"https:\/\/publicidadentapetes.com\/index.php\/aviso-de-privacidad\/","og_site_name":"Publicidad en tapetes","article_modified_time":"2020-11-28T21:01:30+00:00","twitter_card":"summary_large_image","twitter_misc":{"Est. reading time":"9 minutes"},"schema":{"@context":"https:\/\/schema.org","@graph":[{"@type":"WebPage","@id":"https:\/\/publicidadentapetes.com\/index.php\/aviso-de-privacidad\/","url":"https:\/\/publicidadentapetes.com\/index.php\/aviso-de-privacidad\/","name":"Aviso de Privacidad - Publicidad en tapetes","isPartOf":{"@id":"https:\/\/publicidadentapetes.com\/#website"},"datePublished":"2020-11-28T21:01:27+00:00","dateModified":"2020-11-28T21:01:30+00:00","breadcrumb":{"@id":"https:\/\/publicidadentapetes.com\/index.php\/aviso-de-privacidad\/#breadcrumb"},"inLanguage":"en-US","potentialAction":[{"@type":"ReadAction","target":["https:\/\/publicidadentapetes.com\/index.php\/aviso-de-privacidad\/"]}]},{"@type":"BreadcrumbList","@id":"https:\/\/publicidadentapetes.com\/index.php\/aviso-de-privacidad\/#breadcrumb","itemListElement":[{"@type":"ListItem","position":1,"name":"Portada","item":"https:\/\/publicidadentapetes.com\/"},{"@type":"ListItem","position":2,"name":"Aviso de Privacidad"}]},{"@type":"WebSite","@id":"https:\/\/publicidadentapetes.com\/#website","url":"https:\/\/publicidadentapetes.com\/","name":"Publicidad en tapetes","description":"Publicidad en tapetes","potentialAction":[{"@type":"SearchAction","target":{"@type":"EntryPoint","urlTemplate":"https:\/\/publicidadentapetes.com\/?s={search_term_string}"},"query-input":{"@type":"PropertyValueSpecification","valueRequired":true,"valueName":"search_term_string"}}],"inLanguage":"en-US"}]}},"_links":{"self":[{"href":"https:\/\/publicidadentapetes.com\/index.php\/wp-json\/wp\/v2\/pages\/11","targetHints":{"allow":["GET"]}}],"collection":[{"href":"https:\/\/publicidadentapetes.com\/index.php\/wp-json\/wp\/v2\/pages"}],"about":[{"href":"https:\/\/publicidadentapetes.com\/index.php\/wp-json\/wp\/v2\/types\/page"}],"author":[{"embeddable":true,"href":"https:\/\/publicidadentapetes.com\/index.php\/wp-json\/wp\/v2\/users\/1"}],"replies":[{"embeddable":true,"href":"https:\/\/publicidadentapetes.com\/index.php\/wp-json\/wp\/v2\/comments?post=11"}],"version-history":[{"count":2,"href":"https:\/\/publicidadentapetes.com\/index.php\/wp-json\/wp\/v2\/pages\/11\/revisions"}],"predecessor-version":[{"id":14,"href":"https:\/\/publicidadentapetes.com\/index.php\/wp-json\/wp\/v2\/pages\/11\/revisions\/14"}],"wp:attachment":[{"href":"https:\/\/publicidadentapetes.com\/index.php\/wp-json\/wp\/v2\/media?parent=11"}],"curies":[{"name":"wp","href":"https:\/\/api.w.org\/{rel}","templated":true}]}}